{"id":5666,"date":"2024-04-03T11:12:04","date_gmt":"2024-04-03T08:12:04","guid":{"rendered":"https:\/\/www.portofcanakkale.com\/tr\/?page_id=5666"},"modified":"2025-04-22T15:41:00","modified_gmt":"2025-04-22T12:41:00","slug":"cruise-vessel","status":"publish","type":"page","link":"https:\/\/www.portofcanakkale.com\/tr\/cruise-vessel\/","title":{"rendered":"KRUVAZIYER"},"content":{"rendered":"<div class=\"wpb-content-wrapper\"><p>[vc_row][vc_column][vc_column_text]\u00c7anakkale Liman\u0131, her y\u0131l kente gelen Turistlerin Asos ve Truva Antik Kentleri ile, Milli Yar\u0131mada ve \u00c7anakkale Merkezi ziyaret etme imk\u00e2n\u0131 sa\u011flamaktad\u0131r. Liman, \u00fclke ekonomisinde \u00f6nemli bir yere sahip olup, \u00fclkeye ticari katk\u0131lar\u0131n\u0131n yan\u0131 s\u0131ra \u00f6nemli bir k\u00fclt\u00fcrel de\u011fer de \u00fcretmektedir.[\/vc_column_text][\/vc_column][\/vc_row]<\/p>\n<\/div>","protected":false},"excerpt":{"rendered":"<p>[vc_row][vc_column][vc_column_text]\u00c7anakkale Liman\u0131, her y\u0131l kente gelen Turistlerin Asos ve Truva Antik Kentleri ile, Milli Yar\u0131mada ve \u00c7anakkale Merkezi ziyaret etme imk\u00e2n\u0131 sa\u011flamaktad\u0131r. Liman, \u00fclke ekonomisinde \u00f6nemli bir yere sahip olup, \u00fclkeye ticari katk\u0131lar\u0131n\u0131n yan\u0131 s\u0131ra \u00f6nemli bir k\u00fclt\u00fcrel de\u011fer de \u00fcretmektedir.[\/vc_column_text][\/vc_column][\/vc_row]<\/p>\n","protected":false},"author":2,"featured_media":0,"parent":0,"menu_order":0,"comment_status":"closed","ping_status":"closed","template":"full-width.php","meta":{"footnotes":""},"class_list":["post-5666","page","type-page","status-publish","hentry"],"_links":{"self":[{"href":"https:\/\/www.portofcanakkale.com\/tr\/wp-json\/wp\/v2\/pages\/5666","targetHints":{"allow":["GET"]}}],"collection":[{"href":"https:\/\/www.portofcanakkale.com\/tr\/wp-json\/wp\/v2\/pages"}],"about":[{"href":"https:\/\/www.portofcanakkale.com\/tr\/wp-json\/wp\/v2\/types\/page"}],"author":[{"embeddable":true,"href":"https:\/\/www.portofcanakkale.com\/tr\/wp-json\/wp\/v2\/users\/2"}],"replies":[{"embeddable":true,"href":"https:\/\/www.portofcanakkale.com\/tr\/wp-json\/wp\/v2\/comments?post=5666"}],"version-history":[{"count":5,"href":"https:\/\/www.portofcanakkale.com\/tr\/wp-json\/wp\/v2\/pages\/5666\/revisions"}],"predecessor-version":[{"id":5967,"href":"https:\/\/www.portofcanakkale.com\/tr\/wp-json\/wp\/v2\/pages\/5666\/revisions\/5967"}],"wp:attachment":[{"href":"https:\/\/www.portofcanakkale.com\/tr\/wp-json\/wp\/v2\/media?parent=5666"}],"curies":[{"name":"wp","href":"https:\/\/api.w.org\/{rel}","templated":true}]}}