{"id":5439,"date":"2023-12-15T14:42:41","date_gmt":"2023-12-15T11:42:41","guid":{"rendered":"https:\/\/www.portofcanakkale.com\/?page_id=5439"},"modified":"2024-10-30T16:46:04","modified_gmt":"2024-10-30T13:46:04","slug":"about-us","status":"publish","type":"page","link":"https:\/\/www.portofcanakkale.com\/tr\/about-us\/","title":{"rendered":"HAKKIMIZDA"},"content":{"rendered":"<div class=\"wpb-content-wrapper\"><p>[vc_row][vc_column][vc_column_text]<\/p>\n<h2 style=\"text-align: center;\"><strong>Vizyon<\/strong><\/h2>\n<p>\u00c7anakkale (Kepez) Liman\u0131\u2019nda, \u00e7a\u011fda\u015f ve \u00e7evreci y\u00f6netim anlay\u0131\u015f\u0131 ile \u00c7anakkale ili ve \u00e7evresinde ticari faaliyetlerin giri\u015f &#8211; \u00e7\u0131k\u0131\u015f kap\u0131s\u0131n\u0131 olu\u015fturmak; y\u00fck ve yolcu gemilerine kalite standartlar\u0131, t\u00fcm denizcilik kurallar\u0131 ve uluslararas\u0131 normlar \u00e7er\u00e7evesinde en iyi hizmeti sunmak, deniz kirlili\u011finin \u00f6n\u00fcne ge\u00e7ilmesi konusunda at\u0131k al\u0131m faaliyetlerini artt\u0131rarak kaliteli hizmet ve y\u00fcksek at\u0131k toplama ve ar\u0131tma kapasitesi ile \u00e7evreyi korumak ve at\u0131k geri d\u00f6n\u00fc\u015f\u00fcm\u00fc ile \u00fclkemize katma de\u011fer sa\u011flamak.<\/p>\n<h2 style=\"text-align: center;\"><strong>Misyon<\/strong><\/h2>\n<p>Uluslararas\u0131 kalite standartlar\u0131 \u00e7er\u00e7evesinde, verimlilik, bilgi birikimi ve y\u00fcksek teknoloji kullan\u0131m\u0131 ile \u00e7evreye sayg\u0131yla beraber i\u015f g\u00fcvenli\u011fini de \u00f6n planda tutarak d\u00fcnya standartlar\u0131na uyumu sa\u011flamak; ekonomiye katk\u0131 sa\u011flayacak y\u00fcksek nitelikli i\u00e7 g\u00fcc\u00fcyle \u00c7anakkale (Kepez) Liman\u0131\u2019n\u0131 ulusal ve uluslararas\u0131 piyasada en iyi konuma ta\u015f\u0131mak.<\/p>\n<h2 style=\"text-align: center;\"><strong>De\u011ferlerimiz<\/strong><\/h2>\n<ul>\n<li>\u00c7evreye ve \u0130nsana Sayg\u0131<\/li>\n<li>G\u00fcvenirlilik<\/li>\n<li>M\u00fc\u015fteri ve \u00c7al\u0131\u015fanlar\u0131n Mutlulu\u011fu<\/li>\n<li>M\u00fckemmeliyet<\/li>\n<li>Rekabet\u00e7ilik<\/li>\n<li>S\u00fcrekli Geli\u015fme Odakl\u0131 Olmak<\/li>\n<li>Bilgi, Birikim ve Tecr\u00fcbe<\/li>\n<li>Tak\u0131m \u00c7al\u0131\u015fmas\u0131na Olan \u0130nan\u00e7<\/li>\n<li>Kalitede B\u00fct\u00fcnl\u00fck<\/li>\n<li>\u015eeffafl\u0131k<\/li>\n<li>Yarat\u0131c\u0131l\u0131k<\/li>\n<li>D\u00fcr\u00fcstl\u00fck<\/li>\n<li>Dinamizm<\/li>\n<\/ul>\n<p>[\/vc_column_text][\/vc_column][\/vc_row][vc_row][vc_column width=&#8221;1\/2&#8243;][vc_column_text]<\/p>\n<h2><strong>Hakk\u0131nda<\/strong><\/h2>\n<p>&nbsp;<\/p>\n<p>2005 y\u0131l\u0131nda kurulan \u00c7anakkale Liman\u0131, D\u00f6kme, Genel Kargo, S\u0131v\u0131, Kimyasal, Konteyner, Ro-Ro gibi hemen her t\u00fcrl\u00fc y\u00fck\u00fcn elle\u00e7lenmesine y\u00f6nelik liman operasyonlar\u0131n\u0131n yan\u0131 s\u0131ra kruvaziyer operasyonlar\u0131yla,birlikte at\u0131k al\u0131m,at\u0131k i\u015fleme, yak\u0131t ikmali,gemi i\u015fletme,acentelik ve tank temizli\u011fi alanlar\u0131nda da faaliyet g\u00f6stermektedir.<br \/>\nISPS (Uluslararas\u0131 Gemi ve Liman Tesisi G\u00fcvenli\u011fi) Koduna uygun ve ilgili mevzuata g\u00f6re i\u015fletme izinlerine sahip olan \u00c7anakkale Liman\u0131\u2019nda a\u015fa\u011f\u0131daki tipteki gemiler konaklayabilmektedir:<\/p>\n<ul>\n<li>Feribotlar, Yolcu Gemileri<\/li>\n<li>Genel Kargo Gemileri<\/li>\n<li>D\u00f6kme Y\u00fck Gemileri<\/li>\n<li>Ham Petrol\/\u00dcr\u00fcn Tankerleri<\/li>\n<li>Kimyasal Tankerler<\/li>\n<li>Ro-Ro Gemileri<\/li>\n<li>Konteyn\u0131r gemileri<\/li>\n<\/ul>\n<p>[\/vc_column_text][\/vc_column][vc_column width=&#8221;1\/2&#8243;][vc_column_text]<\/p>\n<h2><strong>TERM\u0130NAL \u00d6ZELL\u0130KLER\u0130<\/strong><\/h2>\n<table style=\"width: 100%;\">\n<tbody>\n<tr>\n<th style=\"width: 50%;\">IMO Numaras\u0131<\/th>\n<td style=\"width: 50%;\">TRCKZ-0003<\/td>\n<\/tr>\n<tr>\n<th>ISPS Kod Numaras\u0131<\/th>\n<td>2517167<\/td>\n<\/tr>\n<tr>\n<th>R\u0131ht\u0131m Say\u0131s\u0131<\/th>\n<td>4<\/td>\n<\/tr>\n<tr>\n<th>\u0130skele Uzunlu\u011fu \/ Toplam \u0130skele Uzunlu\u011fu<\/th>\n<td>214 metre \/ 428 metre<\/td>\n<\/tr>\n<tr>\n<th>Taslaklar<\/th>\n<td>Max. 28 metre Min. 14 metre<\/td>\n<\/tr>\n<tr>\n<th>Ro-Ro Rampa Say\u0131s\u0131<\/th>\n<td>2<\/td>\n<\/tr>\n<tr>\n<th>Feribot Rampa Say\u0131s\u0131<\/th>\n<td>1<\/td>\n<\/tr>\n<tr>\n<th>A\u00e7\u0131k S\u0131n\u0131rl\u0131 Depolama Alan\u0131<\/th>\n<td>30.000 m<sup>2<\/sup><\/td>\n<\/tr>\n<tr>\n<th>Kapal\u0131 Depo<\/th>\n<td>3.000 m<sup>2<\/sup><\/td>\n<\/tr>\n<tr>\n<th>Jenerat\u00f6r<\/th>\n<td>Mevcut (180 kW)<\/td>\n<\/tr>\n<tr>\n<th>Temiz Su<\/th>\n<td>\u0130skeleden temin edilebilir<\/td>\n<\/tr>\n<tr>\n<th>Yak\u0131t \u0130kmali<\/th>\n<td>\u0130skeleden temin edilebilir<\/td>\n<\/tr>\n<\/tbody>\n<\/table>\n<p>[\/vc_column_text][\/vc_column][\/vc_row]<\/p>\n<\/div>","protected":false},"excerpt":{"rendered":"<p>[vc_row][vc_column][vc_column_text] Vizyon \u00c7anakkale (Kepez) Liman\u0131\u2019nda, \u00e7a\u011fda\u015f ve \u00e7evreci y\u00f6netim anlay\u0131\u015f\u0131 ile \u00c7anakkale ili ve \u00e7evresinde ticari faaliyetlerin giri\u015f &#8211; \u00e7\u0131k\u0131\u015f kap\u0131s\u0131n\u0131 olu\u015fturmak; y\u00fck ve yolcu gemilerine kalite standartlar\u0131, t\u00fcm denizcilik kurallar\u0131 ve uluslararas\u0131 normlar \u00e7er\u00e7evesinde en iyi hizmeti sunmak, deniz kirlili\u011finin \u00f6n\u00fcne ge\u00e7ilmesi konusunda at\u0131k al\u0131m faaliyetlerini artt\u0131rarak kaliteli hizmet ve y\u00fcksek at\u0131k toplama ve [&hellip;]<\/p>\n","protected":false},"author":2,"featured_media":0,"parent":0,"menu_order":0,"comment_status":"closed","ping_status":"closed","template":"","meta":{"footnotes":""},"class_list":["post-5439","page","type-page","status-publish","hentry"],"_links":{"self":[{"href":"https:\/\/www.portofcanakkale.com\/tr\/wp-json\/wp\/v2\/pages\/5439","targetHints":{"allow":["GET"]}}],"collection":[{"href":"https:\/\/www.portofcanakkale.com\/tr\/wp-json\/wp\/v2\/pages"}],"about":[{"href":"https:\/\/www.portofcanakkale.com\/tr\/wp-json\/wp\/v2\/types\/page"}],"author":[{"embeddable":true,"href":"https:\/\/www.portofcanakkale.com\/tr\/wp-json\/wp\/v2\/users\/2"}],"replies":[{"embeddable":true,"href":"https:\/\/www.portofcanakkale.com\/tr\/wp-json\/wp\/v2\/comments?post=5439"}],"version-history":[{"count":19,"href":"https:\/\/www.portofcanakkale.com\/tr\/wp-json\/wp\/v2\/pages\/5439\/revisions"}],"predecessor-version":[{"id":5767,"href":"https:\/\/www.portofcanakkale.com\/tr\/wp-json\/wp\/v2\/pages\/5439\/revisions\/5767"}],"wp:attachment":[{"href":"https:\/\/www.portofcanakkale.com\/tr\/wp-json\/wp\/v2\/media?parent=5439"}],"curies":[{"name":"wp","href":"https:\/\/api.w.org\/{rel}","templated":true}]}}