{"id":4689,"date":"2020-04-23T00:14:23","date_gmt":"2020-04-22T21:14:23","guid":{"rendered":"http:\/\/portofcanakkale.com\/?page_id=4689"},"modified":"2025-07-09T10:38:06","modified_gmt":"2025-07-09T07:38:06","slug":"hse","status":"publish","type":"page","link":"https:\/\/www.portofcanakkale.com\/tr\/hse\/","title":{"rendered":"SE\u00c7-K"},"content":{"rendered":"<div class=\"wpb-content-wrapper\"><p>[vc_row][vc_column][vc_column_text]<\/p>\n<p style=\"text-align: center;\"><strong>SA\u011eLIK, EMN\u0130YET, \u00c7EVRE<\/strong><\/p>\n<p>At\u0131k Al\u0131m, At\u0131k Kabul, Yak\u0131t \u0130kmali ve Liman Hizmetleri konusunda \u00e7al\u0131\u015fanlar\u0131m\u0131za ve m\u00fc\u015fterilerimize \u00e7evre, i\u015f sa\u011fl\u0131\u011f\u0131 ve g\u00fcvenli\u011fi bilincini yerle\u015ftirmek, t\u00fcm yasal mevzuatlara uymak liman\u0131m\u0131z\u0131n SE\u00c7-K politikas\u0131d\u0131r.<\/p>\n<p style=\"text-align: center;\"><strong>\u0130\u015e SA\u011eLI\u011eI VE G\u00dcVENL\u0130\u011e\u0130 POL\u0130T\u0130KASI<\/strong><\/p>\n<p>Hizmetlerimizi uluslararas\u0131 standartlarda sunarken, tesisimizde bulunan herkes i\u00e7in yasal mevzuatlara ve standartlara uygun, olas\u0131 riskleri ve kay\u0131plar\u0131 en aza indirgeyen g\u00fcvenli ve sa\u011fl\u0131kl\u0131 \u00e7al\u0131\u015fma ko\u015fullar\u0131 sa\u011flamak ve bu ko\u015fullar\u0131 s\u00fcrekli iyile\u015ftirmek i\u015f sa\u011fl\u0131\u011f\u0131 ve g\u00fcvenli\u011fi politikam\u0131z\u0131n temelini olu\u015fturur.<\/p>\n<p>\u00c7al\u0131\u015fanlar\u0131m\u0131z ve m\u00fc\u015fterilerimiz i\u00e7in sa\u011fl\u0131kl\u0131 ve g\u00fcvenli bir \u00e7al\u0131\u015fma ortam\u0131 ve faaliyetlerimizin s\u00fcrd\u00fcr\u00fclebilirli\u011fini sa\u011flamak temel amac\u0131m\u0131zd\u0131r.<\/p>\n<p>Bu amaca ula\u015fmak i\u00e7in:<\/p>\n<ul>\n<li>\u0130\u015f Sa\u011fl\u0131\u011f\u0131 ve \u0130\u015f G\u00fcvenli\u011fi Politikam\u0131z, i\u015f kaynakl\u0131 hastal\u0131k, yaralanma ve malzeme hasar\u0131 risklerini en aza indirmeyi hedefler.<\/li>\n<li>Kurulu\u015fumuzdaki tehlikeleri ortadan kald\u0131rarak ve riskleri azaltarak sa\u011fl\u0131kl\u0131 ve g\u00fcvenli \u00e7al\u0131\u015fma ortamlar\u0131 sa\u011flar\u0131z.<\/li>\n<li>\u0130\u015f kaynakl\u0131 hastal\u0131klar\u0131, kazalar\u0131 ve yaralanmalar\u0131 \u00f6nlemek i\u00e7in gerekli tedbirleri al\u0131r\u0131z.<\/li>\n<li>\u00c7al\u0131\u015fanlar\u0131n sa\u011fl\u0131k durumlar\u0131n\u0131 ve motivasyonlar\u0131n\u0131 art\u0131rmay\u0131 hedefleriz.<\/li>\n<li>\u0130\u015f Sa\u011fl\u0131\u011f\u0131 ve G\u00fcvenli\u011fi standartlar\u0131n\u0131 i\u015f ili\u015fkilerimizde (m\u00fc\u015fterilerimiz ve tedarik\u00e7ilerimizle yap\u0131lan s\u00f6zle\u015fmelerde) g\u00f6zetiriz.<\/li>\n<li>\u00c7al\u0131\u015fanlar\u0131m\u0131z\u0131n, m\u00fc\u015fterilerimizin ve misafirlerimizin temel \u0130\u015f Sa\u011fl\u0131\u011f\u0131 ve G\u00fcvenli\u011fi bilincini art\u0131rmak i\u00e7in s\u00fcrekli e\u011fitim ve toplant\u0131lar d\u00fczenleriz.<\/li>\n<li>Acil durumlara haz\u0131rl\u0131kl\u0131 olur, tatbikatlar yapar ve gerekli \u00f6nlemleri al\u0131r\u0131z.<\/li>\n<\/ul>\n<p>\u00c7anakkale Liman \u0130\u015fletmesi olarak, \u201c\u00d6nce \u0130\u015f Sa\u011fl\u0131\u011f\u0131 ve G\u00fcvenli\u011fi\u201d prensibine uygun olarak faaliyetlerimizi s\u00fcrd\u00fcrmekteyiz. Uluslararas\u0131 ve ulusal mevzuata uygun olarak i\u015f sa\u011fl\u0131\u011f\u0131 ve g\u00fcvenli\u011fi k\u00fclt\u00fcr\u00fcm\u00fcz\u00fc s\u00fcrekli iyile\u015ftiriyoruz, &#8220;S\u0131f\u0131r \u0130\u015f Kazas\u0131&#8221; hedefiyle faaliyetlerimize devam ediyoruz.[\/vc_column_text][vc_column_text]<\/p>\n<p style=\"text-align: center;\"><strong>\u00c7EVRE POL\u0130T\u0130KASI<\/strong><\/p>\n<p>Liman\u0131m\u0131z uluslararas\u0131 standartlara uygun at\u0131k al\u0131m hizmetleri sunarken, \u00e7al\u0131\u015fanlar\u0131m\u0131z\u0131 \u00e7evresel mevzuat a\u00e7\u0131s\u0131ndan s\u00fcrekli geli\u015ftirir ve at\u0131k olu\u015fumunu azaltmak i\u00e7in tedbirler al\u0131r\u0131z. Ayr\u0131ca, mevcut \u00e7evre ile ilgili yasal d\u00fczenlemelere tam uyum sa\u011flayarak ekolojik dengeyi korumaya katk\u0131da bulunmak, s\u00fcrd\u00fcr\u00fclebilirli\u011fi sa\u011flamak \u00e7evre politikam\u0131z\u0131n temelini olu\u015fturur.<\/p>\n<p>Sa\u011flad\u0131\u011f\u0131m\u0131z hizmetlerde, ger\u00e7ekle\u015ftirdi\u011fimiz i\u015flerde ve sundu\u011fumuz \u00fcr\u00fcnlerde \u015funlar\u0131 taahh\u00fct ediyoruz:<\/p>\n<ul>\n<li>\u0130lgili t\u00fcm yasal \u00e7evresel gerekliliklerin yerine getirilmesi,<\/li>\n<li>Riskleri ve f\u0131rsatlar\u0131 belirleyerek ve olumlu etkileri art\u0131rarak faaliyetlerimizi s\u00fcrekli iyile\u015ftirmek,<\/li>\n<li>\u00c7evresel unsurlar\u0131 belirlerken ya\u015fam d\u00f6ng\u00fcs\u00fc yakla\u015f\u0131m\u0131n\u0131n dikkate al\u0131nmas\u0131,<\/li>\n<li>Gerekli faaliyetlerin uygun ve uygulanabilir ko\u015fullar alt\u0131nda y\u00fcr\u00fct\u00fclmesi,<\/li>\n<li>Faaliyetlerimizin kamu yarar\u0131na hizmet etmesini ve kamu i\u00e7in eri\u015filebilir kalmas\u0131n\u0131 sa\u011flamak,<\/li>\n<li>\u00c7al\u0131\u015fanlar\u0131m\u0131z\u0131n \u00e7evre bilincini geli\u015ftirmek i\u00e7in s\u00fcrekli e\u011fitim ve fark\u0131ndal\u0131k programlar\u0131 y\u00fcr\u00fctmek.<\/li>\n<\/ul>\n<p>[\/vc_column_text][vc_column_text]<\/p>\n<p style=\"text-align: center;\"><strong>KAL\u0130TE POL\u0130T\u0130KAMIZ<\/strong><\/p>\n<p>Kalite, \u00e7evre, i\u015f sa\u011fl\u0131\u011f\u0131 ve g\u00fcvenli\u011fi, sistemleri ile ilgili standartlar\u0131 kapsayan t\u00fcm \u00fcr\u00fcn hizmet ve faaliyetlerimizde;<\/p>\n<ul>\n<li>Y\u00fcr\u00fcrl\u00fckteki yasal mevzuat ve ulusal ve uluslararas\u0131 standartlar\u0131n \u00fczerinde hizmet sunarak m\u00fc\u015fteri memnuniyetini art\u0131rmak ve s\u00fcrekli k\u0131lmak,<\/li>\n<li>Sekt\u00f6rdeki ve d\u00fcnyadaki iyi uygulamalar\u0131 dikkate alarak Kalite, \u00e7evre, i\u015f sa\u011fl\u0131\u011f\u0131 ve g\u00fcvenli\u011fi, enerji y\u00f6netim sistemleri ile ilgili \u00f6l\u00e7\u00fclebilir hedefler olu\u015fturmak, ger\u00e7ekle\u015fmesini d\u00fczenli olarak g\u00f6zden ge\u00e7irmek ve bu alandaki performans\u0131m\u0131z ile y\u00f6netim sistemlerimizi s\u00fcrekli iyile\u015ftirmek,<\/li>\n<li>\u00d6nleyici yakla\u015f\u0131m ve Risk temelli d\u00fc\u015f\u00fcnme ile s\u00fcre\u00e7lerin etkili \u015fekilde i\u015fletilmesi, kontrol\u00fc, s\u00fcreklili\u011finin sa\u011flanmas\u0131 ve s\u00fcrekli iyile\u015ftirilmesi i\u00e7in gerekli yeti\u015fmi\u015f insan g\u00fcc\u00fc, bilgi, altyap\u0131 ve \u00e7evreyi tayin ve tedarik etmek, bu kapsamda t\u00fcm kaynaklar\u0131 optimum d\u00fczeyde kullanmak,<\/li>\n<li>\u00c7evre mevzuat\u0131, idari d\u00fczenlemeler ve sekt\u00f6rel y\u00fck\u00fcml\u00fcl\u00fcklere uymak, do\u011fal kaynaklar\u0131n verimli kullan\u0131m\u0131n\u0131 sa\u011flamak, ya\u015fam d\u00f6ng\u00fcs\u00fc ve s\u00fcrd\u00fcr\u00fclebilir kalk\u0131nma bak\u0131\u015f a\u00e7\u0131s\u0131yla \u00e7evrenin korunmas\u0131, kirlili\u011fin \u00f6nlenmesine \u00f6zen g\u00f6stermek ve at\u0131klar\u0131n kayna\u011f\u0131nda azalt\u0131lmas\u0131n\u0131 sa\u011flayarak geri kazan\u0131m y\u00f6ntemlerimizi geli\u015ftirmek, geri kazan\u0131m\u0131n\u0131 te\u015fvik etmek ve \u00e7evreye s\u00fcrekli pozitif de\u011fer kazand\u0131rmak,<\/li>\n<li>\u0130\u015f sa\u011fl\u0131\u011f\u0131 ve g\u00fcvenli\u011fi mevzuat\u0131 ile idari d\u00fczenlemelere uymak, sa\u011fl\u0131kl\u0131 ve g\u00fcvenli bir \u00e7al\u0131\u015fma ortam\u0131 olu\u015fturmak, her t\u00fcrl\u00fc i\u015f kazalar\u0131 ile meslek hastal\u0131klar\u0131n\u0131n \u00f6nlenebilir oldu\u011funa inanarak \u00e7al\u0131\u015fanlar\u0131m\u0131z\u0131n ve ilgili t\u00fcm taraflar\u0131n sa\u011fl\u0131k b\u00fct\u00fcnl\u00fc\u011f\u00fcn\u00fc bozabilecek t\u00fcm riskleri \u00e7al\u0131\u015fanlar\u0131n da kat\u0131l\u0131m\u0131 sa\u011flanarak sistematik ve \u00f6nleyici bir yakla\u015f\u0131mla \u00f6nceden tespit ederek gerekli tedbirleri almak ve bunu s\u00fcrd\u00fcr\u00fclebilir k\u0131lmak,<\/li>\n<li>\u0130\u015f sa\u011fl\u0131\u011f\u0131 ve g\u00fcvenli\u011fi konular\u0131nda \u00e7al\u0131\u015fanlar\u0131n g\u00f6r\u00fc\u015f ve \u00f6nerileri alarak \u00e7al\u0131\u015fan kat\u0131l\u0131m\u0131n\u0131 en \u00fcst d\u00fczeye \u00e7\u0131karmak ve sa\u011fl\u0131k ve g\u00fcvenlik konular\u0131nda her t\u00fcrl\u00fc bilgiyi \u00e7al\u0131\u015fanlarla payla\u015fmak,<\/li>\n<li>Teknolojik geli\u015fmeleri ve yenilikleri takip ederek, enerji verimli \u00fcr\u00fcnler, hizmetler sat\u0131n alarak, enerjinin ve malzemenin verimli kullan\u0131lmas\u0131 ile s\u00fcrd\u00fcr\u00fclebilir \u00fcretime katk\u0131da bulunmak,<\/li>\n<li>Faaliyetlerimizin \u00e7evreye ve insan sa\u011fl\u0131\u011f\u0131na olan etkilerini kontrol alt\u0131nda tutarak, s\u00fcrd\u00fcr\u00fclebilir kalk\u0131nma ilkeleriyle tutarl\u0131 olmas\u0131n\u0131 sa\u011flamak,<\/li>\n<li>Teknolojik geli\u015fme ve yenilikleri takip ederek t\u00fcm \u00e7al\u0131\u015fanlar\u0131m\u0131z\u0131 ve payda\u015flar\u0131m\u0131z\u0131 e\u011fitmek, bilin\u00e7lendirmek,<\/li>\n<li>T\u00fcm faaliyetlerin, kurulu\u015fun temel amac\u0131 ve hedefleri do\u011frultusunda ilgili taraflara de\u011fer yaratacak i\u015f sonu\u00e7lar\u0131na ula\u015fmas\u0131 ba\u015fl\u0131ca sorumlulu\u011fumuzdur. Politikam\u0131z topluma ve ilgili t\u00fcm taraflara her zaman a\u00e7\u0131k ve ula\u015f\u0131labilir olacakt\u0131r.<\/li>\n<\/ul>\n<p>Enerji performans\u0131n\u0131 ve enerji verimlili\u011fini d\u00fczenli olarak \u00f6l\u00e7meyi, enerji verimlili\u011finin artt\u0131r\u0131lmas\u0131 ve s\u00fcrd\u00fcr\u00fclebilir k\u0131l\u0131nmas\u0131 i\u00e7in faaliyetler y\u00fcr\u00fctmeyi, Politikam\u0131z topluma ve ilgili t\u00fcm taraflara her zaman a\u00e7\u0131k ve ula\u015f\u0131labilir olacakt\u0131r.[\/vc_column_text][vc_column_text]<\/p>\n<p style=\"text-align: center;\"><strong>\u00c7ALI\u015eMA \u0130ZN\u0130<\/strong><\/p>\n<p>Sahada yap\u0131lan t\u00fcm \u00e7al\u0131\u015fmalarda \u00e7al\u0131\u015fma izin formu ilgili taraflarca doldurulup se\u00e7 k m\u00fchendisi onay\u0131 ile uygunluk dahilinde \u00e7al\u0131\u015fma izni verilir.[\/vc_column_text][vc_single_image image=&#8221;5837&#8243; img_size=&#8221;full&#8221; alignment=&#8221;center&#8221; animation=&#8221;fadeInUp&#8221;][vc_single_image image=&#8221;5838&#8243; img_size=&#8221;full&#8221; alignment=&#8221;center&#8221; animation=&#8221;fadeInUp&#8221;][\/vc_column][\/vc_row][vc_row][vc_column][\/vc_column][\/vc_row]<\/p>\n<\/div>","protected":false},"excerpt":{"rendered":"<p>[vc_row][vc_column][vc_column_text] SA\u011eLIK, EMN\u0130YET, \u00c7EVRE At\u0131k Al\u0131m, At\u0131k Kabul, Yak\u0131t \u0130kmali ve Liman Hizmetleri konusunda \u00e7al\u0131\u015fanlar\u0131m\u0131za ve m\u00fc\u015fterilerimize \u00e7evre, i\u015f sa\u011fl\u0131\u011f\u0131 ve g\u00fcvenli\u011fi bilincini yerle\u015ftirmek, t\u00fcm yasal mevzuatlara uymak liman\u0131m\u0131z\u0131n SE\u00c7-K politikas\u0131d\u0131r. \u0130\u015e SA\u011eLI\u011eI VE G\u00dcVENL\u0130\u011e\u0130 POL\u0130T\u0130KASI Hizmetlerimizi uluslararas\u0131 standartlarda sunarken, tesisimizde bulunan herkes i\u00e7in yasal mevzuatlara ve standartlara uygun, olas\u0131 riskleri ve kay\u0131plar\u0131 en aza [&hellip;]<\/p>\n","protected":false},"author":2,"featured_media":0,"parent":0,"menu_order":0,"comment_status":"closed","ping_status":"closed","template":"full-width.php","meta":{"footnotes":""},"class_list":["post-4689","page","type-page","status-publish","hentry"],"_links":{"self":[{"href":"https:\/\/www.portofcanakkale.com\/tr\/wp-json\/wp\/v2\/pages\/4689","targetHints":{"allow":["GET"]}}],"collection":[{"href":"https:\/\/www.portofcanakkale.com\/tr\/wp-json\/wp\/v2\/pages"}],"about":[{"href":"https:\/\/www.portofcanakkale.com\/tr\/wp-json\/wp\/v2\/types\/page"}],"author":[{"embeddable":true,"href":"https:\/\/www.portofcanakkale.com\/tr\/wp-json\/wp\/v2\/users\/2"}],"replies":[{"embeddable":true,"href":"https:\/\/www.portofcanakkale.com\/tr\/wp-json\/wp\/v2\/comments?post=4689"}],"version-history":[{"count":25,"href":"https:\/\/www.portofcanakkale.com\/tr\/wp-json\/wp\/v2\/pages\/4689\/revisions"}],"predecessor-version":[{"id":6190,"href":"https:\/\/www.portofcanakkale.com\/tr\/wp-json\/wp\/v2\/pages\/4689\/revisions\/6190"}],"wp:attachment":[{"href":"https:\/\/www.portofcanakkale.com\/tr\/wp-json\/wp\/v2\/media?parent=4689"}],"curies":[{"name":"wp","href":"https:\/\/api.w.org\/{rel}","templated":true}]}}